{"id":2387,"date":"2020-05-28T23:04:00","date_gmt":"2020-05-28T22:04:00","guid":{"rendered":"https:\/\/www.airtimecritical.com\/?page_id=2387"},"modified":"2022-10-10T13:20:56","modified_gmt":"2022-10-10T12:20:56","slug":"koronavirus-repatriacni-let-do-ceske-republiky","status":"publish","type":"page","link":"https:\/\/www.airtimecritical.com\/cs\/koronavirus-repatriacni-let-do-ceske-republiky","title":{"rendered":"Covid-19: repatria\u010dn\u00ed let do \u010cesk\u00e9 republiky"},"content":{"rendered":"<div  data-label=\"Coronavirus : vol de rapatriement\" data-id=\"cta--1\" data-export-id=\"cta-centered-bg-section\" data-category=\"cta\" data-section-ov=\"1\" class=\"cta-centered-bg-section content-section content-section-spacing-medium white-text\" data-parallax-depth=\"20\" id=\"coronavirus-vol-de-rapatriement\" style=\"background-color: #f5fafd; background-image: url('https:\/\/www.airtimecritical.com\/wp-content\/uploads\/2020\/05\/Rapatriement-Covid-vers-la-France.jpg'); background-size: cover; background-position: center top;\">\n<div  class=\"\">\n<div  class=\"row text-center\">\n<div  data-type=\"column\" class=\"\">\n<h1  class=\"\">Covid-19: repatria\u010dn\u00ed let do \u010cesk\u00e9 republiky<\/h1>\n<p  class=\"lead\">Uv\u00edzli va\u0161i zam\u011bstnanci v zahrani\u010d\u00ed? Z d\u016fvodu epidemie je organizace pasa\u017e\u00e9rsk\u00fdch let\u016f <span  style=\"font-weight: 600;\">velmi slo\u017eit\u00e1<\/span>.<\/p>\n\n<\/div>\n<\/div>\n<\/div>\n<\/div><div  data-label=\"avion d\u00e9di\u00e9 pour le rapatriement\" data-id=\"overlappable--1\" data-export-id=\"overlappable-2\" data-category=\"overlappable\" class=\"overlappable-2 content-section content-section-spacing\" data-overlap=\"true\" id=\"avion-dedie-pour-le-rapatriement\" style=\"background-color: #ffffff;\">\n<div  class=\"\">\n<div  class=\"row middle-sm shadow-medium bg-color-white\">\n<div  class=\"col-xs-12 col-sm-4 top-sm col-padding col-padding-xs\" data-type=\"column\">\n<h2  class=\"\" style=\"border-bottom-color: rgb(136, 23, 23);\">Pron\u00e1jem cel\u00e9ho letadla pro <span  style=\"color: #ff9800;\"><span style=\"color: rgb(136, 23, 23);\" >repatriaci<\/span> <\/span>va\u0161ich zam\u011bstnanc\u016f v\u010detn\u011b jejich rodin<\/h2>\n<h3  class=\"font-300\">Tv\u00e1\u0159\u00ed v tv\u00e1\u0159 bezprecedentn\u00ed koronavirov\u00e9 krizi jsme byli schopni vyu\u017e\u00edt na\u0161e know-how a pomoci spole\u010dnostem s repatriac\u00ed jejich zam\u011bstnanc\u016f z <span  style=\"font-weight: bold;\">Maroka<\/span>, <span  style=\"font-weight: bold;\">Tuniska<\/span>, <span  style=\"font-weight: bold;\">Al\u017e\u00edrska<\/span> \u010di <span  style=\"font-weight: bold;\">Turecka<\/span>. To v\u0161e p\u0159i dodr\u017een\u00ed t\u011bch nejlep\u0161\u00edch bezpe\u010dnostn\u00edch a hygienick\u00fdch podm\u00ednek.<\/h3>\n<a class=\"button y-move big color2\" href=\"https:\/\/www.airtimecritical.com\/es\/contacto\" target=\"_blank\" data-cp-link=\"1\" data-icon=\"fa-calendar-check-o\" rel=\"noopener\"><span  class=\"button-icon fa fa-calendar-check-o\"><\/span>Kontaktujte n\u00e1s<\/a>\n\n<\/div>\n<div  class=\"col-xs-12 col-sm-8\">\n<div  data-type=\"row\" class=\"row\">\n<div  class=\"col-xs-12 col-sm-6 col-padding col-padding-small-xs col-md-6\">\n\n<i  class=\"fa icon fa-globe bordered round color-black\"><\/i>\n<h3  class=\"\">Zp\u011bt do Evropy<\/h3>\n<p  class=\"lead\">Tuto slu\u017ebu nab\u00edz\u00edme spole\u010dnostem, kter\u00e9 cht\u011bj\u00ed dopravit sv\u00e9 zam\u011bstnance i s rodinami zp\u011bt do Evropy v maxim\u00e1ln\u00edm komfortu a bezpe\u010d\u00ed.<\/p>\n\n<\/div>\n<div  class=\"col-xs-12 col-sm-6 col-padding col-padding-small-xs col-md-6\">\n\n<i  class=\"fa icon fa-institution bordered round color-black\"><\/i>\n<h3  class=\"\">Koordinace s ambas\u00e1dou a \u00fa\u0159ady<\/h3>\n<p  class=\"lead\">Ve spolupr\u00e1ci s ambas\u00e1dou zajist\u00edme vy\u0159\u00edzen\u00ed v\u0161ech formalit pot\u0159ebn\u00fdch k z\u00edsk\u00e1n\u00ed povolen\u00ed k letu.<\/p>\n\n<\/div>\n<div  class=\"col-xs-12 col-sm-6 col-padding col-padding-small-xs col-md-6\">\n\n<i  class=\"fa icon fa-child bordered round color-black\"><\/i>\n<h3  class=\"\">V klidu a pod kontrolou<\/h3>\n<p  class=\"lead\">D\u011bl\u00e1me v\u0161e, co je v na\u0161ich sil\u00e1ch, abychom zajistili hladk\u00fd pr\u016fb\u011bh cesty a aby se i rodiny s d\u011btmi c\u00edtily po celou dobu p\u0159epravy v klidu a bezpe\u010d\u00ed.<\/p>\n\n<\/div>\n<div  class=\"col-xs-12 col-sm-6 col-padding col-padding-small-xs col-md-6\">\n\n<i  class=\"fa icon fa-volume-control-phone bordered round color-black\"><\/i>\n<h3  class=\"\">Po celou dobu v kontaktu<\/h3>\n<p  class=\"lead\">Cestov\u00e1n\u00ed m\u016f\u017ee p\u0159edstavovat stresovou situaci. Z toho d\u016fvodu s v\u00e1mi z\u016fstav\u00e1me po celou dobu v kontaktu a pravideln\u011b informujeme i v\u00e1mi vybran\u00e9 osoby.<\/p>\n\n<\/div>\n<\/div>\n<\/div>\n<\/div>\n<\/div>\n<\/div><div  data-label=\"Contact\" data-id=\"contact--1\" data-export-id=\"contact-1\" data-category=\"contact\" class=\"contact-1 content-section content-section-spacing white-text\" data-parallax-depth=\"20\" id=\"coronavirus-contact\" style=\"background-color: #f5fafd;\">\n<div  class=\"\">\n<div  class=\"row text-center\">\n<div  class=\"section-title-col\" data-type=\"column\">\n<h2  class=\"\" style=\"border-bottom-color: rgb(136, 23, 23);\">M\u00e1te zam\u011bstnance uv\u00edzl\u00e9 v zahrani\u010d\u00ed? Kontaktujte n\u00e1s pro jejich repatriaci do \u010cR i zbytku Evropy.<\/h2>\n<\/div>\n<\/div>\n<div  class=\"row text-center\">\n<div  class=\"col-xs-12 col-sm-8 col-sm-offset-2 contact-form-wrapper inline-info\">\n<div  class=\"card large-padding\">\n<div  class=\"\" data-content-shortcode=\"mesmerize_contact_form shortcode=&quot;wpforms id=&amp;amp;quot;2395&amp;amp;quot; title=&amp;amp;quot;false&amp;amp;quot;&quot;\" data-editable=\"true\"><div class=\"wpforms-container wpforms-container-full\" id=\"wpforms-2395\"><form id=\"wpforms-form-2395\" class=\"wpforms-validate wpforms-form\" data-formid=\"2395\" method=\"post\" enctype=\"multipart\/form-data\" action=\"\/cs\/wp-json\/wp\/v2\/pages\/2387\" data-token=\"f46e15eb99ceb2f4cc8cea2e025c7e1b\" data-token-time=\"1777675892\"><noscript class=\"wpforms-error-noscript\">Chcete-li vyplnit tento formul\u00e1\u0159, pros\u00edm povolte v prohl\u00ed\u017ee\u010di JavaScript.<\/noscript><div class=\"wpforms-field-container\"><div id=\"wpforms-2395-field_6-container\" class=\"wpforms-field wpforms-field-text\" data-field-id=\"6\"><label class=\"wpforms-field-label\" for=\"wpforms-2395-field_6\">Spole\u010dnost <span class=\"wpforms-required-label\">*<\/span><\/label><input type=\"text\" id=\"wpforms-2395-field_6\" class=\"wpforms-field-medium wpforms-field-required\" name=\"wpforms[fields][6]\" required><\/div><div id=\"wpforms-2395-field_0-container\" class=\"wpforms-field wpforms-field-name\" data-field-id=\"0\"><label class=\"wpforms-field-label\" for=\"wpforms-2395-field_0\">Jm\u00e9no \/ P\u0159\u00edjmen\u00ed  <span class=\"wpforms-required-label\">*<\/span><\/label><input type=\"text\" id=\"wpforms-2395-field_0\" class=\"wpforms-field-medium wpforms-field-required\" name=\"wpforms[fields][0]\" required><\/div><div id=\"wpforms-2395-field_1-container\" class=\"wpforms-field wpforms-field-email\" data-field-id=\"1\"><label class=\"wpforms-field-label\" for=\"wpforms-2395-field_1\">E-mail <span class=\"wpforms-required-label\">*<\/span><\/label><input type=\"email\" id=\"wpforms-2395-field_1\" class=\"wpforms-field-medium wpforms-field-required\" name=\"wpforms[fields][1]\" spellcheck=\"false\" required><\/div><div id=\"wpforms-2395-field_7-container\" class=\"wpforms-field wpforms-field-email\" data-field-id=\"7\"><label class=\"wpforms-field-label\" for=\"wpforms-2395-field_7\">Zanechte n\u00e1m va\u0161e telefonn\u00ed \u010d\u00edslo, kontaktujeme v\u00e1s co nejd\u0159\u00edve<\/label><input type=\"email\" id=\"wpforms-2395-field_7\" class=\"wpforms-field-small\" name=\"wpforms[fields][7]\" spellcheck=\"false\" ><\/div><div id=\"wpforms-2395-field_2-container\" class=\"wpforms-field wpforms-field-textarea\" data-field-id=\"2\"><label class=\"wpforms-field-label\" for=\"wpforms-2395-field_2\">\u0158ekn\u011bte n\u00e1m v\u00edce o va\u0161\u00ed situaci (po\u010det osob, m\u00edsto odletu) <span class=\"wpforms-required-label\">*<\/span><\/label><textarea id=\"wpforms-2395-field_2\" class=\"wpforms-field-small wpforms-field-required\" name=\"wpforms[fields][2]\" required><\/textarea><div class=\"wpforms-field-description\"><p><font color=\"#808080\">\r\nP\u0159epravn\u00ed slu\u017eby nab\u00edzen\u00e9 spole\u010dnost\u00ed Air Time Critical\u00ae jsou ur\u010deny v\u00fdhradn\u011b pro firemn\u00ed z\u00e1kazn\u00edky (B2B). Budeme v\u00e1s kontaktovat do 30 minut ohledn\u011b proveditelnosti va\u0161eho po\u017eadavku.\r\n<span style=\"color:#881717 ;\"><b>\r\nCovid-19: vzhledem k t\u00e9to bezprecedentn\u00ed krizi a velk\u00e9mu po\u010dtu \u017e\u00e1dost\u00ed, si vyhrazujeme pr\u00e1vo reagovat pouze na \u017e\u00e1dosti, kter\u00e9 jsme schopni zpracovat. D\u011bkujeme za pochopen\u00ed.<\/b><\/font><\/span><\/p><\/div><\/div><\/div><!-- .wpforms-field-container --><div class=\"wpforms-field wpforms-field-hp\"><label for=\"wpforms-2395-field-hp\" class=\"wpforms-field-label\">Website<\/label><input type=\"text\" name=\"wpforms[hp]\" id=\"wpforms-2395-field-hp\" class=\"wpforms-field-medium\"><\/div><div class=\"wpforms-recaptcha-container wpforms-is-recaptcha wpforms-is-recaptcha-type-v2\" ><div class=\"g-recaptcha\" data-sitekey=\"6LdzDgEVAAAAAOf14c3OKG3MuZmB-Et3p01FJ3Dq\"><\/div><input type=\"text\" name=\"g-recaptcha-hidden\" class=\"wpforms-recaptcha-hidden\" style=\"position:absolute!important;clip:rect(0,0,0,0)!important;height:1px!important;width:1px!important;border:0!important;overflow:hidden!important;padding:0!important;margin:0!important;\" data-rule-recaptcha=\"1\"><\/div><div class=\"wpforms-submit-container\" ><input type=\"hidden\" name=\"wpforms[id]\" value=\"2395\"><input type=\"hidden\" name=\"page_title\" value=\"\"><input type=\"hidden\" name=\"page_url\" value=\"https:\/\/www.airtimecritical.com\/cs\/wp-json\/wp\/v2\/pages\/2387\"><input type=\"hidden\" name=\"url_referer\" value=\"\"><button type=\"submit\" name=\"wpforms[submit]\" id=\"wpforms-submit-2395\" class=\"wpforms-submit\" data-alt-text=\"Prob\u00edh\u00e1 odes\u00edl\u00e1n\u00ed...\" data-submit-text=\"Odeslat\" aria-live=\"assertive\" value=\"wpforms-submit\">Odeslat<\/button><\/div><\/form><\/div>  <!-- .wpforms-container --><\/div>\n<\/div>\n<\/div>\n<\/div>\n<\/div>\n<\/div><div  data-label=\"Rapatriement Afrique Europe\" data-id=\"content--1\" data-export-id=\"content-9\" data-category=\"content\" class=\"content-9 content-section content-section-spacing\" id=\"rapatriement-afrique-europe\" style=\"background-color: #ffffff;\">\n<div  class=\"gridContainer\">\n<div  class=\"row text-center\">\n<div  class=\"section-title-col\" data-type=\"column\">\n<h2  class=\"\" style=\"border-bottom-color: rgb(136, 23, 23);\">Repatria\u010dn\u00ed lety nab\u00edz\u00edme pro n\u00e1sleduj\u00edc\u00ed destinace<\/h2>\n<\/div>\n<\/div>\n<div  class=\"row space-bottom text-center\" data-type=\"row\">\n<div  class=\"col-sm-4 col-padding-small col-md-6\">\n<h3  class=\"\">Ze severn\u00ed Afriky a Turecka<\/h3>\n<p  class=\"\">Tunisko (Tunis), Al\u017e\u00edrsko (Al\u017e\u00edr), Maroko (Tanger, Casablanca, Marr\u00e1ke\u0161, Agadir), Turecko (Istanbul)<\/p>\n\n<\/div>\n<div  class=\"col-sm-4 col-padding-small col-md-6\">\n<h3  class=\"\">Do Evropy a Velk\u00e9 Brit\u00e1nie<\/h3>\n<p  class=\"\">\u010cesk\u00e1 republika, Slovensko, Velk\u00e1 Brit\u00e1nie, Francie, Belgie, \u0160pan\u011blsko, It\u00e1lie, N\u011bmecko, Nizozemsko, Lucembursko, \u0160v\u00e9dsko, Rakousko, Slovinsko, Rumunsko, Ma\u010farsko atd.<\/p>\n\n<\/div>\n<\/div>\n<div  class=\"row center-xs middle-xs\">\n<div  class=\"col-sm-12\" data-type=\"column\"><\/div>\n<\/div>\n<\/div>\n<\/div>","protected":false},"excerpt":{"rendered":"<p>Covid-19: repatria\u010dn\u00ed let do \u010cesk\u00e9 republiky Uv\u00edzli va\u0161i zam\u011bstnanci v zahrani\u010d\u00ed? Z d\u016fvodu epidemie je organizace pasa\u017e\u00e9rsk\u00fdch let\u016f velmi slo\u017eit\u00e1. Pron\u00e1jem cel\u00e9ho letadla pro repatriaci va\u0161ich zam\u011bstnanc\u016f v\u010detn\u011b jejich rodin Tv\u00e1\u0159\u00ed v tv\u00e1\u0159 bezprecedentn\u00ed koronavirov\u00e9 krizi jsme byli schopni vyu\u017e\u00edt na\u0161e know-how a pomoci spole\u010dnostem s repatriac\u00ed jejich zam\u011bstnanc\u016f z Maroka, Tuniska, Al\u017e\u00edrska \u010di Turecka.&hellip; <br \/> <a class=\"read-more\" href=\"https:\/\/www.airtimecritical.com\/cs\/koronavirus-repatriacni-let-do-ceske-republiky\">Read more<\/a><\/p>\n","protected":false},"author":5,"featured_media":2389,"parent":0,"menu_order":0,"comment_status":"closed","ping_status":"closed","template":"pro\/page-templates\/page-with-small-header.php","meta":{"footnotes":""},"class_list":["post-2387","page","type-page","status-publish","has-post-thumbnail","hentry"],"yoast_head":"<!-- This site is optimized with the Yoast SEO Premium plugin v27.3 (Yoast SEO v27.5) - https:\/\/yoast.com\/product\/yoast-seo-premium-wordpress\/ -->\n<title>Covid-19: repatria\u010dn\u00ed let do \u010cesk\u00e9 republiky - Air Time Critical\u00ae - ATC\u00ae<\/title>\n<meta name=\"description\" content=\"Covid-19: zajist\u00edme repatriaci va\u0161ich zam\u011bstnanc\u016f zp\u011bt do \u010cR v maxim\u00e1ln\u00edm komfortu a bezpe\u010d\u00ed.\" \/>\n<meta name=\"robots\" content=\"index, follow, max-snippet:-1, max-image-preview:large, max-video-preview:-1\" \/>\n<link rel=\"canonical\" href=\"https:\/\/www.airtimecritical.com\/cs\/koronavirus-repatriacni-let-do-ceske-republiky\" \/>\n<meta property=\"og:locale\" content=\"cs_CZ\" \/>\n<meta property=\"og:type\" content=\"article\" \/>\n<meta property=\"og:title\" content=\"Covid-19: repatria\u010dn\u00ed let do \u010cesk\u00e9 republiky\" \/>\n<meta property=\"og:description\" content=\"Covid-19: zajist\u00edme repatriaci va\u0161ich zam\u011bstnanc\u016f zp\u011bt do \u010cR v maxim\u00e1ln\u00edm komfortu a bezpe\u010d\u00ed.\" \/>\n<meta property=\"og:url\" content=\"https:\/\/www.airtimecritical.com\/cs\/koronavirus-repatriacni-let-do-ceske-republiky\" \/>\n<meta property=\"og:site_name\" content=\"Air Time Critical\u00ae - ATC\u00ae\" \/>\n<meta property=\"article:publisher\" content=\"https:\/\/www.facebook.com\/AirTimeCritical.Atc.airfreight\" \/>\n<meta property=\"article:modified_time\" content=\"2022-10-10T12:20:56+00:00\" \/>\n<meta property=\"og:image\" content=\"https:\/\/www.airtimecritical.com\/wp-content\/uploads\/2020\/06\/vol-de-rapatriement-France.jpg\" \/>\n\t<meta property=\"og:image:width\" content=\"1126\" \/>\n\t<meta property=\"og:image:height\" content=\"254\" \/>\n\t<meta property=\"og:image:type\" content=\"image\/jpeg\" \/>\n<meta name=\"twitter:card\" content=\"summary_large_image\" \/>\n<meta name=\"twitter:site\" content=\"@AirTimeCritical\" \/>\n<meta name=\"twitter:label1\" content=\"Odhadovan\u00e1 doba \u010dten\u00ed\" \/>\n\t<meta name=\"twitter:data1\" content=\"2 minuty\" \/>\n<script type=\"application\/ld+json\" class=\"yoast-schema-graph\">{\"@context\":\"https:\\\/\\\/schema.org\",\"@graph\":[{\"@type\":\"WebPage\",\"@id\":\"https:\\\/\\\/www.airtimecritical.com\\\/cs\\\/koronavirus-repatriacni-let-do-ceske-republiky\",\"url\":\"https:\\\/\\\/www.airtimecritical.com\\\/cs\\\/koronavirus-repatriacni-let-do-ceske-republiky\",\"name\":\"Covid-19: repatria\u010dn\u00ed let do \u010cesk\u00e9 republiky - Air Time Critical\u00ae - ATC\u00ae\",\"isPartOf\":{\"@id\":\"https:\\\/\\\/www.airtimecritical.com\\\/cs\\\/#website\"},\"primaryImageOfPage\":{\"@id\":\"https:\\\/\\\/www.airtimecritical.com\\\/cs\\\/koronavirus-repatriacni-let-do-ceske-republiky#primaryimage\"},\"image\":{\"@id\":\"https:\\\/\\\/www.airtimecritical.com\\\/cs\\\/koronavirus-repatriacni-let-do-ceske-republiky#primaryimage\"},\"thumbnailUrl\":\"https:\\\/\\\/www.airtimecritical.com\\\/wp-content\\\/uploads\\\/2020\\\/06\\\/vol-de-rapatriement-France.jpg\",\"datePublished\":\"2020-05-28T22:04:00+00:00\",\"dateModified\":\"2022-10-10T12:20:56+00:00\",\"description\":\"Covid-19: zajist\u00edme repatriaci va\u0161ich zam\u011bstnanc\u016f zp\u011bt do \u010cR v maxim\u00e1ln\u00edm komfortu a bezpe\u010d\u00ed.\",\"breadcrumb\":{\"@id\":\"https:\\\/\\\/www.airtimecritical.com\\\/cs\\\/koronavirus-repatriacni-let-do-ceske-republiky#breadcrumb\"},\"inLanguage\":\"cs\",\"potentialAction\":[{\"@type\":\"ReadAction\",\"target\":[\"https:\\\/\\\/www.airtimecritical.com\\\/cs\\\/koronavirus-repatriacni-let-do-ceske-republiky\"]}]},{\"@type\":\"ImageObject\",\"inLanguage\":\"cs\",\"@id\":\"https:\\\/\\\/www.airtimecritical.com\\\/cs\\\/koronavirus-repatriacni-let-do-ceske-republiky#primaryimage\",\"url\":\"https:\\\/\\\/www.airtimecritical.com\\\/wp-content\\\/uploads\\\/2020\\\/06\\\/vol-de-rapatriement-France.jpg\",\"contentUrl\":\"https:\\\/\\\/www.airtimecritical.com\\\/wp-content\\\/uploads\\\/2020\\\/06\\\/vol-de-rapatriement-France.jpg\",\"width\":1126,\"height\":254,\"caption\":\"Repatria\u010dn\u00ed let do \u010cesk\u00e9 republiky\"},{\"@type\":\"BreadcrumbList\",\"@id\":\"https:\\\/\\\/www.airtimecritical.com\\\/cs\\\/koronavirus-repatriacni-let-do-ceske-republiky#breadcrumb\",\"itemListElement\":[{\"@type\":\"ListItem\",\"position\":1,\"name\":\"Home\",\"item\":\"https:\\\/\\\/www.airtimecritical.com\\\/cs\"},{\"@type\":\"ListItem\",\"position\":2,\"name\":\"Covid-19: repatria\u010dn\u00ed let do \u010cesk\u00e9 republiky\"}]},{\"@type\":\"WebSite\",\"@id\":\"https:\\\/\\\/www.airtimecritical.com\\\/cs\\\/#website\",\"url\":\"https:\\\/\\\/www.airtimecritical.com\\\/cs\\\/\",\"name\":\"Air Time Critical - ATC\",\"description\":\"Air Time Critical\u00ae offers priority air freight solutions to the industry in Europe, the Americas, and Asia | Door to door transport\",\"publisher\":{\"@id\":\"https:\\\/\\\/www.airtimecritical.com\\\/cs\\\/#organization\"},\"potentialAction\":[{\"@type\":\"SearchAction\",\"target\":{\"@type\":\"EntryPoint\",\"urlTemplate\":\"https:\\\/\\\/www.airtimecritical.com\\\/cs\\\/?s={search_term_string}\"},\"query-input\":{\"@type\":\"PropertyValueSpecification\",\"valueRequired\":true,\"valueName\":\"search_term_string\"}}],\"inLanguage\":\"cs\"},{\"@type\":\"Organization\",\"@id\":\"https:\\\/\\\/www.airtimecritical.com\\\/cs\\\/#organization\",\"name\":\"Airt Time Critical - ATC\",\"url\":\"https:\\\/\\\/www.airtimecritical.com\\\/cs\\\/\",\"logo\":{\"@type\":\"ImageObject\",\"inLanguage\":\"cs\",\"@id\":\"https:\\\/\\\/www.airtimecritical.com\\\/cs\\\/#\\\/schema\\\/logo\\\/image\\\/\",\"url\":\"https:\\\/\\\/www.airtimecritical.com\\\/wp-content\\\/uploads\\\/2019\\\/10\\\/Logo_airtimecritical.png\",\"contentUrl\":\"https:\\\/\\\/www.airtimecritical.com\\\/wp-content\\\/uploads\\\/2019\\\/10\\\/Logo_airtimecritical.png\",\"width\":246,\"height\":141,\"caption\":\"Airt Time Critical - ATC\"},\"image\":{\"@id\":\"https:\\\/\\\/www.airtimecritical.com\\\/cs\\\/#\\\/schema\\\/logo\\\/image\\\/\"},\"sameAs\":[\"https:\\\/\\\/www.facebook.com\\\/AirTimeCritical.Atc.airfreight\",\"https:\\\/\\\/x.com\\\/AirTimeCritical\",\"https:\\\/\\\/www.instagram.com\\\/airtimecritical\\\/\",\"https:\\\/\\\/www.linkedin.com\\\/company\\\/air-time-critical-\\\/\",\"https:\\\/\\\/www.youtube.com\\\/c\\\/Airtimecritical-envois-urgents-international\\\/\"]}]}<\/script>\n<!-- \/ Yoast SEO Premium plugin. -->","yoast_head_json":{"title":"Covid-19: repatria\u010dn\u00ed let do \u010cesk\u00e9 republiky - Air Time Critical\u00ae - ATC\u00ae","description":"Covid-19: zajist\u00edme repatriaci va\u0161ich zam\u011bstnanc\u016f zp\u011bt do \u010cR v maxim\u00e1ln\u00edm komfortu a bezpe\u010d\u00ed.","robots":{"index":"index","follow":"follow","max-snippet":"max-snippet:-1","max-image-preview":"max-image-preview:large","max-video-preview":"max-video-preview:-1"},"canonical":"https:\/\/www.airtimecritical.com\/cs\/koronavirus-repatriacni-let-do-ceske-republiky","og_locale":"cs_CZ","og_type":"article","og_title":"Covid-19: repatria\u010dn\u00ed let do \u010cesk\u00e9 republiky","og_description":"Covid-19: zajist\u00edme repatriaci va\u0161ich zam\u011bstnanc\u016f zp\u011bt do \u010cR v maxim\u00e1ln\u00edm komfortu a bezpe\u010d\u00ed.","og_url":"https:\/\/www.airtimecritical.com\/cs\/koronavirus-repatriacni-let-do-ceske-republiky","og_site_name":"Air Time Critical\u00ae - ATC\u00ae","article_publisher":"https:\/\/www.facebook.com\/AirTimeCritical.Atc.airfreight","article_modified_time":"2022-10-10T12:20:56+00:00","og_image":[{"width":1126,"height":254,"url":"https:\/\/www.airtimecritical.com\/wp-content\/uploads\/2020\/06\/vol-de-rapatriement-France.jpg","type":"image\/jpeg"}],"twitter_card":"summary_large_image","twitter_site":"@AirTimeCritical","twitter_misc":{"Odhadovan\u00e1 doba \u010dten\u00ed":"2 minuty"},"schema":{"@context":"https:\/\/schema.org","@graph":[{"@type":"WebPage","@id":"https:\/\/www.airtimecritical.com\/cs\/koronavirus-repatriacni-let-do-ceske-republiky","url":"https:\/\/www.airtimecritical.com\/cs\/koronavirus-repatriacni-let-do-ceske-republiky","name":"Covid-19: repatria\u010dn\u00ed let do \u010cesk\u00e9 republiky - Air Time Critical\u00ae - ATC\u00ae","isPartOf":{"@id":"https:\/\/www.airtimecritical.com\/cs\/#website"},"primaryImageOfPage":{"@id":"https:\/\/www.airtimecritical.com\/cs\/koronavirus-repatriacni-let-do-ceske-republiky#primaryimage"},"image":{"@id":"https:\/\/www.airtimecritical.com\/cs\/koronavirus-repatriacni-let-do-ceske-republiky#primaryimage"},"thumbnailUrl":"https:\/\/www.airtimecritical.com\/wp-content\/uploads\/2020\/06\/vol-de-rapatriement-France.jpg","datePublished":"2020-05-28T22:04:00+00:00","dateModified":"2022-10-10T12:20:56+00:00","description":"Covid-19: zajist\u00edme repatriaci va\u0161ich zam\u011bstnanc\u016f zp\u011bt do \u010cR v maxim\u00e1ln\u00edm komfortu a bezpe\u010d\u00ed.","breadcrumb":{"@id":"https:\/\/www.airtimecritical.com\/cs\/koronavirus-repatriacni-let-do-ceske-republiky#breadcrumb"},"inLanguage":"cs","potentialAction":[{"@type":"ReadAction","target":["https:\/\/www.airtimecritical.com\/cs\/koronavirus-repatriacni-let-do-ceske-republiky"]}]},{"@type":"ImageObject","inLanguage":"cs","@id":"https:\/\/www.airtimecritical.com\/cs\/koronavirus-repatriacni-let-do-ceske-republiky#primaryimage","url":"https:\/\/www.airtimecritical.com\/wp-content\/uploads\/2020\/06\/vol-de-rapatriement-France.jpg","contentUrl":"https:\/\/www.airtimecritical.com\/wp-content\/uploads\/2020\/06\/vol-de-rapatriement-France.jpg","width":1126,"height":254,"caption":"Repatria\u010dn\u00ed let do \u010cesk\u00e9 republiky"},{"@type":"BreadcrumbList","@id":"https:\/\/www.airtimecritical.com\/cs\/koronavirus-repatriacni-let-do-ceske-republiky#breadcrumb","itemListElement":[{"@type":"ListItem","position":1,"name":"Home","item":"https:\/\/www.airtimecritical.com\/cs"},{"@type":"ListItem","position":2,"name":"Covid-19: repatria\u010dn\u00ed let do \u010cesk\u00e9 republiky"}]},{"@type":"WebSite","@id":"https:\/\/www.airtimecritical.com\/cs\/#website","url":"https:\/\/www.airtimecritical.com\/cs\/","name":"Air Time Critical - ATC","description":"Air Time Critical\u00ae offers priority air freight solutions to the industry in Europe, the Americas, and Asia | Door to door transport","publisher":{"@id":"https:\/\/www.airtimecritical.com\/cs\/#organization"},"potentialAction":[{"@type":"SearchAction","target":{"@type":"EntryPoint","urlTemplate":"https:\/\/www.airtimecritical.com\/cs\/?s={search_term_string}"},"query-input":{"@type":"PropertyValueSpecification","valueRequired":true,"valueName":"search_term_string"}}],"inLanguage":"cs"},{"@type":"Organization","@id":"https:\/\/www.airtimecritical.com\/cs\/#organization","name":"Airt Time Critical - ATC","url":"https:\/\/www.airtimecritical.com\/cs\/","logo":{"@type":"ImageObject","inLanguage":"cs","@id":"https:\/\/www.airtimecritical.com\/cs\/#\/schema\/logo\/image\/","url":"https:\/\/www.airtimecritical.com\/wp-content\/uploads\/2019\/10\/Logo_airtimecritical.png","contentUrl":"https:\/\/www.airtimecritical.com\/wp-content\/uploads\/2019\/10\/Logo_airtimecritical.png","width":246,"height":141,"caption":"Airt Time Critical - ATC"},"image":{"@id":"https:\/\/www.airtimecritical.com\/cs\/#\/schema\/logo\/image\/"},"sameAs":["https:\/\/www.facebook.com\/AirTimeCritical.Atc.airfreight","https:\/\/x.com\/AirTimeCritical","https:\/\/www.instagram.com\/airtimecritical\/","https:\/\/www.linkedin.com\/company\/air-time-critical-\/","https:\/\/www.youtube.com\/c\/Airtimecritical-envois-urgents-international\/"]}]}},"_links":{"self":[{"href":"https:\/\/www.airtimecritical.com\/cs\/wp-json\/wp\/v2\/pages\/2387","targetHints":{"allow":["GET"]}}],"collection":[{"href":"https:\/\/www.airtimecritical.com\/cs\/wp-json\/wp\/v2\/pages"}],"about":[{"href":"https:\/\/www.airtimecritical.com\/cs\/wp-json\/wp\/v2\/types\/page"}],"author":[{"embeddable":true,"href":"https:\/\/www.airtimecritical.com\/cs\/wp-json\/wp\/v2\/users\/5"}],"replies":[{"embeddable":true,"href":"https:\/\/www.airtimecritical.com\/cs\/wp-json\/wp\/v2\/comments?post=2387"}],"version-history":[{"count":0,"href":"https:\/\/www.airtimecritical.com\/cs\/wp-json\/wp\/v2\/pages\/2387\/revisions"}],"wp:featuredmedia":[{"embeddable":true,"href":"https:\/\/www.airtimecritical.com\/cs\/wp-json\/wp\/v2\/media\/2389"}],"wp:attachment":[{"href":"https:\/\/www.airtimecritical.com\/cs\/wp-json\/wp\/v2\/media?parent=2387"}],"curies":[{"name":"wp","href":"https:\/\/api.w.org\/{rel}","templated":true}]}}